{"id":31,"date":"2023-04-17T07:33:00","date_gmt":"2023-04-17T07:33:00","guid":{"rendered":"https:\/\/pflegeteam-silberspatz.de\/?page_id=31"},"modified":"2024-03-31T16:28:27","modified_gmt":"2024-03-31T16:28:27","slug":"datenschutzerklaerung","status":"publish","type":"page","link":"https:\/\/pflegeteam-silberspatz.de\/?page_id=31","title":{"rendered":"Datenschutzerkl\u00e4rung"},"content":{"rendered":"\t\t<div data-elementor-type=\"wp-page\" data-elementor-id=\"31\" class=\"elementor elementor-31\" data-elementor-settings=\"{&quot;ha_cmc_init_switcher&quot;:&quot;no&quot;}\">\n\t\t\t\t\t\t<section class=\"elementor-section elementor-top-section elementor-element elementor-element-3277e818 elementor-section-boxed elementor-section-height-default elementor-section-height-default\" data-id=\"3277e818\" data-element_type=\"section\" data-e-type=\"section\" data-settings=\"{&quot;_ha_eqh_enable&quot;:false}\">\n\t\t\t\t\t\t<div class=\"elementor-container elementor-column-gap-default\">\n\t\t\t\t\t<div class=\"elementor-column elementor-col-100 elementor-top-column elementor-element elementor-element-64e49b30\" data-id=\"64e49b30\" data-element_type=\"column\" data-e-type=\"column\">\n\t\t\t<div class=\"elementor-widget-wrap elementor-element-populated\">\n\t\t\t\t\t\t<div class=\"elementor-element elementor-element-33ea5be4 elementor-widget elementor-widget-text-editor\" data-id=\"33ea5be4\" data-element_type=\"widget\" data-e-type=\"widget\" data-widget_type=\"text-editor.default\">\n\t\t\t\t<div class=\"elementor-widget-container\">\n\t\t\t\t\t\t\t\t\t<div style=\"padding: 5%;\"><div style=\"padding: 2em 0px; box-shadow: 0px 0px 3px 3px rgba(0, 0, 0, 0.1); background: white; margin: auto;\"><div style=\"margin: 3em;\"><h1>Datenschutzerkl\u00e4rung<\/h1><h2>1) Einleitung und Kontaktdaten des Verantwortlichen<\/h2><p><b>1.1<\/b>\u00a0Wir freuen uns, dass Sie unsere Website besuchen und<br \/>bedanken uns f\u00fcr Ihr Interesse. Im Folgenden informieren wir Sie \u00fcber<br \/>den Umgang mit Ihren personenbezogenen Daten bei der Nutzung unserer<br \/>Website. Personenbezogene Daten sind hierbei alle Daten, mit denen Sie<br \/>pers\u00f6nlich identifiziert werden k\u00f6nnen.<\/p><p><b>1.2<\/b>\u00a0Verantwortlicher f\u00fcr die Datenverarbeitung auf dieser<br \/>Website im Sinne der Datenschutz-Grundverordnung (DSGVO) ist Silberspatz GmbH, Sternbergstr. 1, 42551 Ratingen, Deutschland, Tel.: 02051\/8022772, Fax: 02051\/8022774, E-Mail: info@pflegeteam-silberspatz.de.<br \/>Der f\u00fcr die Verarbeitung von personenbezogenen Daten Verantwortliche ist<br \/>diejenige nat\u00fcrliche oder juristische Person, die allein oder gemeinsam<br \/>mit anderen \u00fcber die Zwecke und Mittel der Verarbeitung von<br \/>personenbezogenen Daten entscheidet.<\/p><h2>2) Datenerfassung beim Besuch unserer Website<\/h2><p><b>2.1<\/b>\u00a0Bei der blo\u00df informatorischen Nutzung unserer Website,<br \/>also wenn Sie sich nicht registrieren oder uns anderweitig Informationen<br \/>\u00fcbermitteln, erheben wir nur solche Daten, die Ihr Browser an den<br \/>Seitenserver \u00fcbermittelt (sog. \u201eServer-Logfiles\u201c). Wenn Sie unsere<br \/>Website aufrufen, erheben wir die folgenden Daten, die f\u00fcr uns technisch<br \/>erforderlich sind, um Ihnen die Website anzuzeigen:<\/p><ul><li>Unsere besuchte Website<\/li><li>Datum und Uhrzeit zum Zeitpunkt des Zugriffes<\/li><li>Menge der gesendeten Daten in Byte<\/li><li>Quelle\/Verweis, von welchem Sie auf die Seite gelangten<\/li><li>Verwendeter Browser<\/li><li>Verwendetes Betriebssystem<\/li><li>Verwendete IP-Adresse (ggf.: in anonymisierter Form)<\/li><\/ul><p>Die Verarbeitung erfolgt gem\u00e4\u00df Art. 6 Abs. 1 lit. f DSGVO auf Basis<br \/>unseres berechtigten Interesses an der Verbesserung der Stabilit\u00e4t und<br \/>Funktionalit\u00e4t unserer Website. Eine Weitergabe oder anderweitige<br \/>Verwendung der Daten findet nicht statt. Wir behalten uns allerdings<br \/>vor, die Server-Logfiles nachtr\u00e4glich zu \u00fcberpr\u00fcfen, sollten konkrete<br \/>Anhaltspunkte auf eine rechtswidrige Nutzung hinweisen.<\/p><p><b>2.2<\/b>\u00a0Diese Website nutzt aus Sicherheitsgr\u00fcnden und zum Schutz<br \/>der \u00dcbertragung personenbezogener Daten und anderer vertraulicher<br \/>Inhalte (z.B. Bestellungen oder Anfragen an den Verantwortlichen) eine<br \/>SSL-bzw. TLS-Verschl\u00fcsselung. Sie k\u00f6nnen eine verschl\u00fcsselte Verbindung<br \/>an der Zeichenfolge \u201ehttps:\/\/\u201c und dem Schloss-Symbol in Ihrer<br \/>Browserzeile erkennen.<\/p><h2>3) Cookies<\/h2><p>Um den Besuch unserer Website attraktiv zu gestalten und die Nutzung<br \/>bestimmter Funktionen zu erm\u00f6glichen, verwenden wir Cookies, also kleine<br \/>Textdateien, die auf Ihrem Endger\u00e4t abgelegt werden. Teilweise werden<br \/>diese Cookies nach Schlie\u00dfen des Browsers automatisch wieder gel\u00f6scht<br \/>(sog. \u201eSession-Cookies\u201c), teilweise verbleiben diese Cookies l\u00e4nger auf<br \/>Ihrem Endger\u00e4t und erm\u00f6glichen das Speichern von Seiteneinstellungen<br \/>(sog. \u201epersistente Cookies\u201c). Im letzteren Fall k\u00f6nnen Sie die<br \/>Speicherdauer der \u00dcbersicht zu den Cookie-Einstellungen Ihres<br \/>Webbrowsers entnehmen.<\/p><p>Sofern durch einzelne von uns eingesetzte Cookies auch<br \/>personenbezogene Daten verarbeitet werden, erfolgt die Verarbeitung<br \/>gem\u00e4\u00df Art. 6 Abs. 1 lit. b DSGVO entweder zur Durchf\u00fchrung des<br \/>Vertrages, gem\u00e4\u00df Art. 6 Abs. 1 lit. a DSGVO im Falle einer erteilten<br \/>Einwilligung oder gem\u00e4\u00df Art. 6 Abs. 1 lit. f DSGVO zur Wahrung unserer<br \/>berechtigten Interessen an der bestm\u00f6glichen Funktionalit\u00e4t der Website<br \/>sowie einer kundenfreundlichen und effektiven Ausgestaltung des<br \/>Seitenbesuchs.<\/p><p>Sie k\u00f6nnen Ihren Browser so einstellen, dass Sie \u00fcber das Setzen von<br \/>Cookies informiert werden und einzeln \u00fcber deren Annahme entscheiden<br \/>oder die Annahme von Cookies f\u00fcr bestimmte F\u00e4lle oder generell<br \/>ausschlie\u00dfen k\u00f6nnen.<\/p><p>Bitte beachten Sie, dass bei Nichtannahme von Cookies die Funktionalit\u00e4t unserer Website eingeschr\u00e4nkt sein kann.<\/p><h2>4) Kontaktaufnahme<\/h2><p>Im Rahmen der Kontaktaufnahme mit uns (z.B. per Kontaktformular oder<br \/>E-Mail) werden personenbezogene Daten erhoben. Welche Daten im Falle der<br \/>Nutzung eines Kontaktformulars erhoben werden, ist aus dem jeweiligen<br \/>Kontaktformular ersichtlich. Diese Daten werden ausschlie\u00dflich zum Zweck<br \/>der Beantwortung Ihres Anliegens bzw. f\u00fcr die Kontaktaufnahme und die<br \/>damit verbundene technische Administration gespeichert und verwendet.<\/p><p>Rechtsgrundlage f\u00fcr die Verarbeitung dieser Daten ist unser<br \/>berechtigtes Interesse an der Beantwortung Ihres Anliegens gem\u00e4\u00df Art. 6<br \/>Abs. 1 lit. f DSGVO. Zielt Ihre Kontaktierung auf den Abschluss eines<br \/>Vertrages ab, so ist zus\u00e4tzliche Rechtsgrundlage f\u00fcr die Verarbeitung<br \/>Art. 6 Abs. 1 lit. b DSGVO. Ihre Daten werden nach abschlie\u00dfender<br \/>Bearbeitung Ihrer Anfrage gel\u00f6scht. Dies ist der Fall, wenn sich aus den<br \/>Umst\u00e4nden entnehmen l\u00e4sst, dass der betroffene Sachverhalt abschlie\u00dfend<br \/>gekl\u00e4rt ist und sofern keine gesetzlichen Aufbewahrungspflichten<br \/>entgegenstehen.<\/p><h2>5) Seitenfunktionalit\u00e4ten<\/h2><p>Google Maps<\/p><p>Diese Webseite nutzt einen Online-Kartendienst des folgenden<br \/>Anbieters: Google Maps (API) von Google Ireland Limited, Gordon House, 4<br \/>Barrow St, Dublin, D04 E5W5, Irland (\u201cGoogle\u201d).<\/p><p>Google Maps ist ein Webdienst zur Darstellung von interaktiven<br \/>(Land-)Karten, um geographische Informationen visuell darzustellen. \u00dcber<br \/>die Nutzung dieses Dienstes wird Ihnen unser Standort angezeigt und<br \/>eine etwaige Anfahrt erleichtert.<\/p><p>Bereits beim Aufrufen derjenigen Unterseiten, in die die Karte von<br \/>Google Maps eingebunden ist, werden Informationen \u00fcber Ihre Nutzung<br \/>unserer Website (wie z.B. Ihre IP-Adresse) an Server von Google<br \/>\u00fcbertragen und dort gespeichert, hierbei kann es auch zu einer<br \/>\u00dcbermittlung an die Server der Google LLC. in den USA kommen. Dies<br \/>erfolgt unabh\u00e4ngig davon, ob Google ein Nutzerkonto bereitstellt, \u00fcber<br \/>das Sie eingeloggt sind oder ob ein Nutzerkonto besteht. Wenn Sie bei<br \/>Google eingeloggt sind, werden Ihre Daten direkt Ihrem Konto zugeordnet.<br \/>Wenn Sie die Zuordnung mit Ihrem Profil bei Google nicht w\u00fcnschen,<br \/>m\u00fcssen Sie sich vor Aktivierung des Buttons ausloggen. Google speichert<br \/>Ihre Daten (selbst f\u00fcr nicht eingeloggte Nutzer) als Nutzungsprofile und<br \/>wertet diese aus.<\/p><p>Die Erhebung, Speicherung und die Auswertung erfolgen gem\u00e4\u00df Art. 6<br \/>Abs. 1 lit. f DSGVO auf Basis des berechtigten Interesses von Google an<br \/>der Einblendung personalisierter Werbung, Marktforschung und\/oder der<br \/>bedarfsgerechten Gestaltung von Google-Websites. Ihnen steht ein<br \/>Widerspruchsrecht gegen die Bildung dieser Nutzerprofile zu, wobei Sie<br \/>sich f\u00fcr dessen Aus\u00fcbung an Google wenden m\u00fcssen. Wenn Sie mit der<br \/>k\u00fcnftigen \u00dcbermittlung Ihrer Daten an Google im Rahmen der Nutzung von<br \/>Google Maps nicht einverstanden sind, besteht auch die M\u00f6glichkeit, den<br \/>Webdienst von Google Maps vollst\u00e4ndig zu deaktivieren, indem Sie die<br \/>Anwendung JavaScript in Ihrem Browser ausschalten. Google Maps und damit<br \/>auch die Kartenanzeige auf dieser Internetseite kann dann nicht genutzt<br \/>werden.<\/p><p>Soweit rechtlich erforderlich, haben wir zur vorstehend dargestellten<br \/>Verarbeitung Ihrer Daten Ihre Einwilligung gem\u00e4\u00df Art. 6 Abs. 1 lit. a<br \/>DSGVO eingeholt. Sie k\u00f6nnen Ihre erteilte Einwilligung jederzeit mit<br \/>Wirkung f\u00fcr die Zukunft widerrufen. Um Ihren Widerruf auszu\u00fcben,<br \/>befolgen Sie bitte die vorstehend geschilderte M\u00f6glichkeit zur Vornahme<br \/>eines Widerspruchs.<\/p><p>F\u00fcr Daten\u00fcbermittlungen in die USA hat sich der Anbieter dem<br \/>EU-US-Datenschutzrahmen (EU-US Data Privacy Framework) angeschlossen,<br \/>das auf Basis eines Angemessenheitsbeschlusses der Europ\u00e4ischen<br \/>Kommission die Einhaltung des europ\u00e4ischen Datenschutzniveaus<br \/>sicherstellt.<\/p><h2>6) Tools und Sonstiges<\/h2><p>Cookie-Consent-Tool<\/p><p>Diese Website nutzt zur Einholung wirksamer Nutzereinwilligungen f\u00fcr<br \/>einwilligungspflichtige Cookies und cookie-basierte Anwendungen ein sog.<br \/>\u201eCookie-Consent-Tool\u201c. Das \u201eCookie-Consent-Tool\u201c wird Nutzern bei<br \/>Seitenaufruf in Form einer interaktive Benutzeroberfl\u00e4che angezeigt, auf<br \/>welcher sich per H\u00e4kchensetzung Einwilligungen f\u00fcr bestimmte Cookies<br \/>und\/oder cookie-basierte Anwendungen erteilen lassen. Hierbei werden<br \/>durch den Einsatz des Tools alle einwilligungspflichtigen<br \/>Cookies\/Dienste nur dann geladen, wenn der jeweilige Nutzer<br \/>entsprechende Einwilligungen per H\u00e4kchensetzung erteilt. So wird<br \/>sichergestellt, dass nur im Falle einer erteilten Einwilligung derartige<br \/>Cookies auf dem jeweiligen Endger\u00e4t des Nutzers gesetzt werden.<\/p><p>Das Tool setzt technisch notwendige Cookies, um Ihre<br \/>Cookie-Pr\u00e4ferenzen zu speichern. Personenbezogene Nutzerdaten werden<br \/>hierbei grunds\u00e4tzlich nicht verarbeitet.<\/p><p>Kommt es im Einzelfall zum Zwecke der Speicherung, Zuordnung oder<br \/>Protokollierung von Cookie-Einstellungen doch zur Verarbeitung<br \/>personenbezogener Daten (wie etwa der IP-Adresse), erfolgt diese gem\u00e4\u00df<br \/>Art. 6 Abs. 1 lit. f DSGVO auf Basis unseres berechtigten Interesses an<br \/>einem rechtskonformen, nutzerspezifischen und nutzerfreundlichen<br \/>Einwilligungsmanagement f\u00fcr Cookies und mithin an einer rechtskonformen<br \/>Ausgestaltung unseres Internetauftritts.<\/p><p>Weitere Rechtsgrundlage f\u00fcr die Verarbeitung ist ferner Art. 6 Abs. 1<br \/>lit. c DSGVO. Wir unterliegen als Verantwortliche der rechtlichen<br \/>Verpflichtung, den Einsatz technisch nicht notwendiger Cookies von der<br \/>jeweiligen Nutzereinwilligung abh\u00e4ngig zu machen.<\/p><p>Soweit erforderlich, haben wir mit dem Anbieter einen<br \/>Auftragsverarbeitungsvertrag geschlossen, der den Schutz der Daten<br \/>unserer Seitenbesucher sicherstellt und eine unberechtigte Weitergabe an<br \/>Dritte untersagt.<\/p><p>Weitere Informationen zum Betreiber und den Einstellungsm\u00f6glichkeiten<br \/>des Cookie-Consent-Tools finden Sie direkt in der entsprechenden<br \/>Benutzeroberfl\u00e4che auf unserer Website.<\/p><h2>7) Rechte des Betroffenen<\/h2><p><b>7.1<\/b>\u00a0Das geltende Datenschutzrecht gew\u00e4hrt Ihnen gegen\u00fcber dem<br \/>Verantwortlichen hinsichtlich der Verarbeitung Ihrer personenbezogenen<br \/>Daten die nachstehenden Betroffenenrechte (Auskunfts- und<br \/>Interventionsrechte), wobei f\u00fcr die jeweiligen Aus\u00fcbungsvoraussetzungen<br \/>auf die angef\u00fchrte Rechtsgrundlage verwiesen wird:<\/p><ul><li>Auskunftsrecht gem\u00e4\u00df Art. 15 DSGVO;<\/li><li>Recht auf Berichtigung gem\u00e4\u00df Art. 16 DSGVO;<\/li><li>Recht auf L\u00f6schung gem\u00e4\u00df Art. 17 DSGVO;<\/li><li>Recht auf Einschr\u00e4nkung der Verarbeitung gem\u00e4\u00df Art. 18 DSGVO;<\/li><li>Recht auf Unterrichtung gem\u00e4\u00df Art. 19 DSGVO;<\/li><li>Recht auf Daten\u00fcbertragbarkeit gem\u00e4\u00df Art. 20 DSGVO;<\/li><li>Recht auf Widerruf erteilter Einwilligungen gem\u00e4\u00df Art. 7 Abs. 3 DSGVO;<\/li><li>Recht auf Beschwerde gem\u00e4\u00df Art. 77 DSGVO.<\/li><\/ul><p><b>7.2<\/b>\u00a0WIDERSPRUCHSRECHT<\/p><p>WENN WIR IM RAHMEN EINER INTERESSENABW\u00c4GUNG IHRE PERSONENBEZOGENEN<br \/>DATEN AUFGRUND UNSERES \u00dcBERWIEGENDEN BERECHTIGTEN INTERESSES<br \/>VERARBEITEN, HABEN SIE DAS JEDERZEITIGE RECHT, AUS GR\u00dcNDEN, DIE SICH AUS<br \/>IHRER BESONDEREN SITUATION ERGEBEN, GEGEN DIESE VERARBEITUNG<br \/>WIDERSPRUCH MIT WIRKUNG F\u00dcR DIE ZUKUNFT EINZULEGEN.<\/p><p>MACHEN SIE VON IHREM WIDERSPRUCHSRECHT GEBRAUCH, BEENDEN WIR DIE<br \/>VERARBEITUNG DER BETROFFENEN DATEN. EINE WEITERVERARBEITUNG BLEIBT ABER<br \/>VORBEHALTEN, WENN WIR ZWINGENDE SCHUTZW\u00dcRDIGE GR\u00dcNDE F\u00dcR DIE<br \/>VERARBEITUNG NACHWEISEN K\u00d6NNEN, DIE IHRE INTERESSEN, GRUNDRECHTE UND<br \/>GRUNDFREIHEITEN \u00dcBERWIEGEN, ODER WENN DIE VERARBEITUNG DER<br \/>GELTENDMACHUNG, AUS\u00dcBUNG ODER VERTEIDIGUNG VON RECHTSANSPR\u00dcCHEN DIENT.<\/p><p>WERDEN IHRE PERSONENBEZOGENEN DATEN VON UNS VERARBEITET, UM<br \/>DIREKTWERBUNG ZU BETREIBEN, HABEN SIE DAS RECHT, JEDERZEIT WIDERSPRUCH<br \/>GEGEN DIE VERARBEITUNG SIE BETREFFENDER PERSONENBEZOGENER DATEN ZUM<br \/>ZWECKE DERARTIGER WERBUNG EINZULEGEN. SIE K\u00d6NNEN DEN WIDERSPRUCH WIE<br \/>OBEN BESCHRIEBEN AUS\u00dcBEN.<\/p><p>MACHEN SIE VON IHREM WIDERSPRUCHSRECHT GEBRAUCH, BEENDEN WIR DIE VERARBEITUNG DER BETROFFENEN DATEN ZU DIREKTWERBEZWECKEN.<\/p><h2>8) Dauer der Speicherung personenbezogener Daten<\/h2><p>Die Dauer der Speicherung von personenbezogenen Daten bemisst sich<br \/>anhand der jeweiligen Rechtsgrundlage, am Verarbeitungszweck und \u2013<br \/>sofern einschl\u00e4gig \u2013 zus\u00e4tzlich anhand der jeweiligen gesetzlichen<br \/>Aufbewahrungsfrist (z.B. handels- und steuerrechtliche<br \/>Aufbewahrungsfristen).<\/p><p>Bei der Verarbeitung von personenbezogenen Daten auf Grundlage einer<br \/>ausdr\u00fccklichen Einwilligung gem\u00e4\u00df Art. 6 Abs. 1 lit. a DSGVO werden die<br \/>betroffenen Daten so lange gespeichert, bis Sie Ihre Einwilligung<br \/>widerrufen.<\/p><p>Existieren gesetzliche Aufbewahrungsfristen f\u00fcr Daten, die im Rahmen<br \/>rechtsgesch\u00e4ftlicher bzw. rechtsgesch\u00e4fts\u00e4hnlicher Verpflichtungen auf<br \/>der Grundlage von Art. 6 Abs. 1 lit. b DSGVO verarbeitet werden, werden<br \/>diese Daten nach Ablauf der Aufbewahrungsfristen routinem\u00e4\u00dfig gel\u00f6scht,<br \/>sofern sie nicht mehr zur Vertragserf\u00fcllung oder Vertragsanbahnung<br \/>erforderlich sind und\/oder unsererseits kein berechtigtes Interesse an<br \/>der Weiterspeicherung fortbesteht.<\/p><p>Bei der Verarbeitung von personenbezogenen Daten auf Grundlage von<br \/>Art. 6 Abs. 1 lit. f DSGVO werden diese Daten so lange gespeichert, bis<br \/>Sie Ihr Widerspruchsrecht nach Art. 21 Abs. 1 DSGVO aus\u00fcben, es sei<br \/>denn, wir k\u00f6nnen zwingende schutzw\u00fcrdige Gr\u00fcnde f\u00fcr die Verarbeitung<br \/>nachweisen, die Ihre Interessen, Rechte und Freiheiten \u00fcberwiegen, oder<br \/>die Verarbeitung dient der Geltendmachung, Aus\u00fcbung oder Verteidigung<br \/>von Rechtsanspr\u00fcchen.<\/p><p>Bei der Verarbeitung von personenbezogenen Daten zum Zwecke der<br \/>Direktwerbung auf Grundlage von Art. 6 Abs. 1 lit. f DSGVO werden diese<br \/>Daten so lange gespeichert, bis Sie Ihr Widerspruchsrecht nach Art. 21<br \/>Abs. 2 DSGVO aus\u00fcben.<\/p><p>Sofern sich aus den sonstigen Informationen dieser Erkl\u00e4rung \u00fcber<br \/>spezifische Verarbeitungssituationen nichts anderes ergibt, werden<br \/>gespeicherte personenbezogene Daten im \u00dcbrigen dann gel\u00f6scht, wenn sie<br \/>f\u00fcr die Zwecke, f\u00fcr die sie erhoben oder auf sonstige Weise verarbeitet<br \/>wurden, nicht mehr notwendig sind.<\/p><\/div><\/div><\/div><p>\u00a0<\/p><p>Anfragen mit MEETOVO<\/p><p>Wir nutzen f\u00fcr die Verarbeitung von Anfragen die Software-L\u00f6sung des<br \/>Anbieters MEETOVO Software GmbH, Robert-Koch-Stra\u00dfe 8, 21423 Winsen<br \/>(Luhe), Deutschland. Der Anbieter arbeitet nach den gesetzlichen<br \/>Vorgaben des Art. 28 DSGVO. Strengste Vertraulichkeit Ihrer Daten bleibt<br \/>somit jederzeit gewahrt.<\/p><p>Wenn Sie eine Anfrage an uns \u00fcbermitteln, wird bei dem Aufruf der<br \/>Anfrageseite eine direkte Verbindung zwischen Ihrem Browser und dem<br \/>Server des Anbieters hergestellt. Dieser erh\u00e4lt dadurch die Information,<br \/>dass Sie mit Ihrer IP-Adresse unsere Seite besucht haben. Die<br \/>IP-Adresse wird anonymisiert und nach 7 Tagen wieder gel\u00f6scht. Wenn Sie<br \/>eine Anfrage \u00fcber das eingebundene Formular absenden, werden die von<br \/>Ihnen eingegebenen zur Anfrage erforderlichen personenbezogenen Daten<br \/>(E-Mail-Adresse, Vor- und Nachname, Mobilfunknummer bzw. Telefonnummer)<br \/>an den Anbieter \u00fcbermittelt und auf dessen Servern gespeichert sowie per<br \/>E-Mail an uns \u00fcbermittelt. Alle weiteren Formulareingaben werden<br \/>bereits w\u00e4hrend ihrer Eingabe zu Analysezwecken \u00fcbermittelt, wenn Sie<br \/>diesem zustimmen. Die Erhebung dieser Daten ist f\u00fcr die Durchf\u00fchrung der<br \/>Anfrage erforderlich. Ohne diese Verarbeitung k\u00f6nnen Sie keine Anfragen<br \/>stellen.<\/p><p>Diese Verarbeitung erfolgt gem. Art. 6 Abs. 1 lit b. DSGVO zur<br \/>Erf\u00fcllung unserer vertraglichen Verpflichtungen und Serviceleistungen<br \/>sowie auf Grundlage unserer berechtigten Interessen an der Durchf\u00fchrung<br \/>einer schnellen und effektiven Anfrage im Sinne des Art. 6 Abs. 1 lit f.<br \/>DSGVO.<\/p><p>Der Anbieter l\u00f6scht Ihre Daten, sofern diese nicht mehr erforderlich<br \/>sind. Der Anbieter \u00fcberpr\u00fcft die Erforderlichkeit alle zwei Jahre. Im<br \/>\u00dcbrigen erfolgt die L\u00f6schung jedoch sp\u00e4testens 5 Jahre nach der letzten<br \/>Anfrage. Weitere Informationen hierzu finden Sie in der<br \/>Datenschutzerkl\u00e4rung des Anbieters unter: https:\/\/meetovo.de\/datenschutz<\/p><p>\u00a0<\/p>\t\t\t\t\t\t\t\t<\/div>\n\t\t\t\t<\/div>\n\t\t\t\t\t<\/div>\n\t\t<\/div>\n\t\t\t\t\t<\/div>\n\t\t<\/section>\n\t\t\t\t<\/div>\n\t\t","protected":false},"excerpt":{"rendered":"<p>Datenschutzerkl\u00e4rung 1) Einleitung und Kontaktdaten des Verantwortlichen 1.1\u00a0Wir freuen uns, dass Sie unsere Website besuchen undbedanken uns f\u00fcr Ihr Interesse. Im Folgenden informieren wir Sie \u00fcberden Umgang mit Ihren personenbezogenen Daten bei der Nutzung unsererWebsite. Personenbezogene Daten sind hierbei alle Daten, mit denen Siepers\u00f6nlich identifiziert werden k\u00f6nnen. 1.2\u00a0Verantwortlicher f\u00fcr die Datenverarbeitung auf dieserWebsite im Sinne &hellip;<\/p>\n","protected":false},"author":1,"featured_media":0,"parent":0,"menu_order":0,"comment_status":"closed","ping_status":"closed","template":"","meta":{"_acf_changed":false,"footnotes":""},"class_list":{"0":"post-31","1":"page","2":"type-page","3":"status-publish","5":"clearfix","6":"article"},"acf":[],"yoast_head":"<!-- This site is optimized with the Yoast SEO plugin v26.8 - https:\/\/yoast.com\/product\/yoast-seo-wordpress\/ -->\n<title>Datenschutzerkl\u00e4rung - Pflegeteam Silberspatz<\/title>\n<meta name=\"robots\" content=\"index, follow, max-snippet:-1, max-image-preview:large, max-video-preview:-1\" \/>\n<link rel=\"canonical\" href=\"https:\/\/pflegeteam-silberspatz.de\/?page_id=31\" \/>\n<meta property=\"og:locale\" content=\"de_DE\" \/>\n<meta property=\"og:type\" content=\"article\" \/>\n<meta property=\"og:title\" content=\"Datenschutzerkl\u00e4rung - Pflegeteam Silberspatz\" \/>\n<meta property=\"og:description\" content=\"Datenschutzerkl\u00e4rung 1) Einleitung und Kontaktdaten des Verantwortlichen 1.1\u00a0Wir freuen uns, dass Sie unsere Website besuchen undbedanken uns f\u00fcr Ihr Interesse. Im Folgenden informieren wir Sie \u00fcberden Umgang mit Ihren personenbezogenen Daten bei der Nutzung unsererWebsite. Personenbezogene Daten sind hierbei alle Daten, mit denen Siepers\u00f6nlich identifiziert werden k\u00f6nnen. 1.2\u00a0Verantwortlicher f\u00fcr die Datenverarbeitung auf dieserWebsite im Sinne &hellip;\" \/>\n<meta property=\"og:url\" content=\"https:\/\/pflegeteam-silberspatz.de\/?page_id=31\" \/>\n<meta property=\"og:site_name\" content=\"Pflegeteam Silberspatz\" \/>\n<meta property=\"article:publisher\" content=\"https:\/\/www.facebook.com\/profile.php?id=100091576785869\" \/>\n<meta property=\"article:modified_time\" content=\"2024-03-31T16:28:27+00:00\" \/>\n<meta name=\"twitter:card\" content=\"summary_large_image\" \/>\n<meta name=\"twitter:label1\" content=\"Gesch\u00e4tzte Lesezeit\" \/>\n\t<meta name=\"twitter:data1\" content=\"12 Minuten\" \/>\n<script type=\"application\/ld+json\" class=\"yoast-schema-graph\">{\"@context\":\"https:\/\/schema.org\",\"@graph\":[{\"@type\":\"WebPage\",\"@id\":\"https:\/\/pflegeteam-silberspatz.de\/?page_id=31\",\"url\":\"https:\/\/pflegeteam-silberspatz.de\/?page_id=31\",\"name\":\"Datenschutzerkl\u00e4rung - Pflegeteam Silberspatz\",\"isPartOf\":{\"@id\":\"https:\/\/pflegeteam-silberspatz.de\/#website\"},\"datePublished\":\"2023-04-17T07:33:00+00:00\",\"dateModified\":\"2024-03-31T16:28:27+00:00\",\"breadcrumb\":{\"@id\":\"https:\/\/pflegeteam-silberspatz.de\/?page_id=31#breadcrumb\"},\"inLanguage\":\"de\",\"potentialAction\":[{\"@type\":\"ReadAction\",\"target\":[\"https:\/\/pflegeteam-silberspatz.de\/?page_id=31\"]}]},{\"@type\":\"BreadcrumbList\",\"@id\":\"https:\/\/pflegeteam-silberspatz.de\/?page_id=31#breadcrumb\",\"itemListElement\":[{\"@type\":\"ListItem\",\"position\":1,\"name\":\"Startseite\",\"item\":\"https:\/\/pflegeteam-silberspatz.de\/\"},{\"@type\":\"ListItem\",\"position\":2,\"name\":\"Datenschutzerkl\u00e4rung\"}]},{\"@type\":\"WebSite\",\"@id\":\"https:\/\/pflegeteam-silberspatz.de\/#website\",\"url\":\"https:\/\/pflegeteam-silberspatz.de\/\",\"name\":\"Pflegeteam Silberspatz GmbH - Der Spatz pflegt seinen Schatz.\",\"description\":\"Der Spatz pflegt seinen Schatz.\",\"publisher\":{\"@id\":\"https:\/\/pflegeteam-silberspatz.de\/#organization\"},\"potentialAction\":[{\"@type\":\"SearchAction\",\"target\":{\"@type\":\"EntryPoint\",\"urlTemplate\":\"https:\/\/pflegeteam-silberspatz.de\/?s={search_term_string}\"},\"query-input\":{\"@type\":\"PropertyValueSpecification\",\"valueRequired\":true,\"valueName\":\"search_term_string\"}}],\"inLanguage\":\"de\"},{\"@type\":\"Organization\",\"@id\":\"https:\/\/pflegeteam-silberspatz.de\/#organization\",\"name\":\"Pflegeteam Silberspatz GmbH - Der Spatz pflegt seinen Schatz.\",\"url\":\"https:\/\/pflegeteam-silberspatz.de\/\",\"logo\":{\"@type\":\"ImageObject\",\"inLanguage\":\"de\",\"@id\":\"https:\/\/pflegeteam-silberspatz.de\/#\/schema\/logo\/image\/\",\"url\":\"https:\/\/pflegeteam-silberspatz.de\/wp-content\/uploads\/2023\/04\/PflegeSpatz20233-e1685614471346.png\",\"contentUrl\":\"https:\/\/pflegeteam-silberspatz.de\/wp-content\/uploads\/2023\/04\/PflegeSpatz20233-e1685614471346.png\",\"width\":152,\"height\":107,\"caption\":\"Pflegeteam Silberspatz GmbH - Der Spatz pflegt seinen Schatz.\"},\"image\":{\"@id\":\"https:\/\/pflegeteam-silberspatz.de\/#\/schema\/logo\/image\/\"},\"sameAs\":[\"https:\/\/www.facebook.com\/profile.php?id=100091576785869\"]}]}<\/script>\n<!-- \/ Yoast SEO plugin. -->","yoast_head_json":{"title":"Datenschutzerkl\u00e4rung - Pflegeteam Silberspatz","robots":{"index":"index","follow":"follow","max-snippet":"max-snippet:-1","max-image-preview":"max-image-preview:large","max-video-preview":"max-video-preview:-1"},"canonical":"https:\/\/pflegeteam-silberspatz.de\/?page_id=31","og_locale":"de_DE","og_type":"article","og_title":"Datenschutzerkl\u00e4rung - Pflegeteam Silberspatz","og_description":"Datenschutzerkl\u00e4rung 1) Einleitung und Kontaktdaten des Verantwortlichen 1.1\u00a0Wir freuen uns, dass Sie unsere Website besuchen undbedanken uns f\u00fcr Ihr Interesse. Im Folgenden informieren wir Sie \u00fcberden Umgang mit Ihren personenbezogenen Daten bei der Nutzung unsererWebsite. Personenbezogene Daten sind hierbei alle Daten, mit denen Siepers\u00f6nlich identifiziert werden k\u00f6nnen. 1.2\u00a0Verantwortlicher f\u00fcr die Datenverarbeitung auf dieserWebsite im Sinne &hellip;","og_url":"https:\/\/pflegeteam-silberspatz.de\/?page_id=31","og_site_name":"Pflegeteam Silberspatz","article_publisher":"https:\/\/www.facebook.com\/profile.php?id=100091576785869","article_modified_time":"2024-03-31T16:28:27+00:00","twitter_card":"summary_large_image","twitter_misc":{"Gesch\u00e4tzte Lesezeit":"12 Minuten"},"schema":{"@context":"https:\/\/schema.org","@graph":[{"@type":"WebPage","@id":"https:\/\/pflegeteam-silberspatz.de\/?page_id=31","url":"https:\/\/pflegeteam-silberspatz.de\/?page_id=31","name":"Datenschutzerkl\u00e4rung - Pflegeteam Silberspatz","isPartOf":{"@id":"https:\/\/pflegeteam-silberspatz.de\/#website"},"datePublished":"2023-04-17T07:33:00+00:00","dateModified":"2024-03-31T16:28:27+00:00","breadcrumb":{"@id":"https:\/\/pflegeteam-silberspatz.de\/?page_id=31#breadcrumb"},"inLanguage":"de","potentialAction":[{"@type":"ReadAction","target":["https:\/\/pflegeteam-silberspatz.de\/?page_id=31"]}]},{"@type":"BreadcrumbList","@id":"https:\/\/pflegeteam-silberspatz.de\/?page_id=31#breadcrumb","itemListElement":[{"@type":"ListItem","position":1,"name":"Startseite","item":"https:\/\/pflegeteam-silberspatz.de\/"},{"@type":"ListItem","position":2,"name":"Datenschutzerkl\u00e4rung"}]},{"@type":"WebSite","@id":"https:\/\/pflegeteam-silberspatz.de\/#website","url":"https:\/\/pflegeteam-silberspatz.de\/","name":"Pflegeteam Silberspatz GmbH - Der Spatz pflegt seinen Schatz.","description":"Der Spatz pflegt seinen Schatz.","publisher":{"@id":"https:\/\/pflegeteam-silberspatz.de\/#organization"},"potentialAction":[{"@type":"SearchAction","target":{"@type":"EntryPoint","urlTemplate":"https:\/\/pflegeteam-silberspatz.de\/?s={search_term_string}"},"query-input":{"@type":"PropertyValueSpecification","valueRequired":true,"valueName":"search_term_string"}}],"inLanguage":"de"},{"@type":"Organization","@id":"https:\/\/pflegeteam-silberspatz.de\/#organization","name":"Pflegeteam Silberspatz GmbH - Der Spatz pflegt seinen Schatz.","url":"https:\/\/pflegeteam-silberspatz.de\/","logo":{"@type":"ImageObject","inLanguage":"de","@id":"https:\/\/pflegeteam-silberspatz.de\/#\/schema\/logo\/image\/","url":"https:\/\/pflegeteam-silberspatz.de\/wp-content\/uploads\/2023\/04\/PflegeSpatz20233-e1685614471346.png","contentUrl":"https:\/\/pflegeteam-silberspatz.de\/wp-content\/uploads\/2023\/04\/PflegeSpatz20233-e1685614471346.png","width":152,"height":107,"caption":"Pflegeteam Silberspatz GmbH - Der Spatz pflegt seinen Schatz."},"image":{"@id":"https:\/\/pflegeteam-silberspatz.de\/#\/schema\/logo\/image\/"},"sameAs":["https:\/\/www.facebook.com\/profile.php?id=100091576785869"]}]}},"_links":{"self":[{"href":"https:\/\/pflegeteam-silberspatz.de\/index.php?rest_route=\/wp\/v2\/pages\/31","targetHints":{"allow":["GET"]}}],"collection":[{"href":"https:\/\/pflegeteam-silberspatz.de\/index.php?rest_route=\/wp\/v2\/pages"}],"about":[{"href":"https:\/\/pflegeteam-silberspatz.de\/index.php?rest_route=\/wp\/v2\/types\/page"}],"author":[{"embeddable":true,"href":"https:\/\/pflegeteam-silberspatz.de\/index.php?rest_route=\/wp\/v2\/users\/1"}],"replies":[{"embeddable":true,"href":"https:\/\/pflegeteam-silberspatz.de\/index.php?rest_route=%2Fwp%2Fv2%2Fcomments&post=31"}],"version-history":[{"count":15,"href":"https:\/\/pflegeteam-silberspatz.de\/index.php?rest_route=\/wp\/v2\/pages\/31\/revisions"}],"predecessor-version":[{"id":1401,"href":"https:\/\/pflegeteam-silberspatz.de\/index.php?rest_route=\/wp\/v2\/pages\/31\/revisions\/1401"}],"wp:attachment":[{"href":"https:\/\/pflegeteam-silberspatz.de\/index.php?rest_route=%2Fwp%2Fv2%2Fmedia&parent=31"}],"curies":[{"name":"wp","href":"https:\/\/api.w.org\/{rel}","templated":true}]}}